{"id":1058,"date":"2023-06-09T09:45:50","date_gmt":"2023-06-09T09:45:50","guid":{"rendered":"https:\/\/gabrielestarellaspascual.ch\/?page_id=1058"},"modified":"2023-09-10T08:38:41","modified_gmt":"2023-09-10T08:38:41","slug":"media-cds","status":"publish","type":"page","link":"https:\/\/gabrielestarellaspascual.ch\/es\/media-cds\/","title":{"rendered":"MEDIA CD"},"content":{"rendered":"[vc_row type=\u00bbfull_width_background\u00bb full_screen_row_position=\u00bbmiddle\u00bb column_margin=\u00bbdefault\u00bb column_direction=\u00bbdefault\u00bb column_direction_tablet=\u00bbdefault\u00bb column_direction_phone=\u00bbdefault\u00bb bg_color=\u00bb#f2f2f2&#8243; scene_position=\u00bbcenter\u00bb top_padding=\u00bb3%\u00bb text_color=\u00bbdark\u00bb text_align=\u00bbleft\u00bb row_border_radius=\u00bbnone\u00bb row_border_radius_applies=\u00bbbg\u00bb overflow=\u00bbvisible\u00bb overlay_strength=\u00bb0.3&#8243; gradient_direction=\u00bbleft_to_right\u00bb shape_divider_position=\u00bbbottom\u00bb bg_image_animation=\u00bbnone\u00bb gradient_type=\u00bbdefault\u00bb shape_type=\u00bb\u00bb][vc_column column_padding=\u00bbno-extra-padding\u00bb column_padding_tablet=\u00bbinherit\u00bb column_padding_phone=\u00bbinherit\u00bb column_padding_position=\u00bball\u00bb column_element_direction_desktop=\u00bbdefault\u00bb column_element_spacing=\u00bbdefault\u00bb desktop_text_alignment=\u00bbdefault\u00bb tablet_text_alignment=\u00bbdefault\u00bb phone_text_alignment=\u00bbdefault\u00bb background_color_opacity=\u00bb1&#8243; background_hover_color_opacity=\u00bb1&#8243; column_backdrop_filter=\u00bbnone\u00bb column_shadow=\u00bbnone\u00bb column_border_radius=\u00bbnone\u00bb column_link_target=\u00bb_self\u00bb column_position=\u00bbdefault\u00bb gradient_direction=\u00bbleft_to_right\u00bb overlay_strength=\u00bb0.3&#8243; width=\u00bb1\/1&#8243; tablet_width_inherit=\u00bbdefault\u00bb animation_type=\u00bbdefault\u00bb bg_image_animation=\u00bbnone\u00bb border_type=\u00bbsimple\u00bb column_border_width=\u00bbnone\u00bb column_border_style=\u00bbsolid\u00bb][vc_column_text]\n<h2>CD<\/h2>\n[\/vc_column_text][\/vc_column][\/vc_row][vc_row type=\u00bbfull_width_background\u00bb full_screen_row_position=\u00bbmiddle\u00bb column_margin=\u00bbdefault\u00bb column_direction=\u00bbdefault\u00bb column_direction_tablet=\u00bbdefault\u00bb column_direction_phone=\u00bbdefault\u00bb bg_color=\u00bb#f2f2f2&#8243; scene_position=\u00bbcenter\u00bb top_padding=\u00bb3%\u00bb constrain_group_1=\u00bbyes\u00bb bottom_padding=\u00bb3%\u00bb text_color=\u00bbdark\u00bb text_align=\u00bbleft\u00bb row_border_radius=\u00bbnone\u00bb row_border_radius_applies=\u00bbbg\u00bb overflow=\u00bbvisible\u00bb overlay_strength=\u00bb0.3&#8243; gradient_direction=\u00bbleft_to_right\u00bb shape_divider_position=\u00bbbottom\u00bb bg_image_animation=\u00bbnone\u00bb gradient_type=\u00bbdefault\u00bb shape_type=\u00bb\u00bb][vc_column column_padding=\u00bbpadding-2-percent\u00bb column_padding_tablet=\u00bbinherit\u00bb column_padding_phone=\u00bbinherit\u00bb column_padding_position=\u00bball\u00bb column_element_direction_desktop=\u00bbdefault\u00bb column_element_spacing=\u00bbdefault\u00bb desktop_text_alignment=\u00bbdefault\u00bb tablet_text_alignment=\u00bbdefault\u00bb phone_text_alignment=\u00bbdefault\u00bb background_color=\u00bb#ffffff\u00bb background_color_opacity=\u00bb1&#8243; background_hover_color_opacity=\u00bb1&#8243; column_backdrop_filter=\u00bbnone\u00bb column_shadow=\u00bbnone\u00bb column_border_radius=\u00bbnone\u00bb column_link_target=\u00bb_self\u00bb column_position=\u00bbdefault\u00bb gradient_direction=\u00bbleft_to_right\u00bb overlay_strength=\u00bb0.3&#8243; width=\u00bb1\/2&#8243; tablet_width_inherit=\u00bbdefault\u00bb animation_type=\u00bbdefault\u00bb bg_image_animation=\u00bbnone\u00bb border_type=\u00bbsimple\u00bb column_border_width=\u00bbnone\u00bb column_border_style=\u00bbsolid\u00bb column_padding_type=\u00bbdefault\u00bb gradient_type=\u00bbdefault\u00bb][image_with_animation image_url=\u00bb1443&#8243; image_size=\u00bbfull\u00bb animation_type=\u00bbentrance\u00bb animation=\u00bbNone\u00bb animation_movement_type=\u00bbtransform_y\u00bb hover_animation=\u00bbnone\u00bb alignment=\u00bb\u00bb border_radius=\u00bbnone\u00bb box_shadow=\u00bbnone\u00bb image_loading=\u00bbdefault\u00bb max_width=\u00bb100%\u00bb max_width_mobile=\u00bbdefault\u00bb][toggles style=\u00bbminimal\u00bb accordion=\u00bbtrue\u00bb accordion_starting_functionality=\u00bbclosed\u00bb][toggle color=\u00bbDefault\u00bb heading_tag=\u00bbdefault\u00bb heading_tag_functionality=\u00bbdefault\u00bb title=\u00bbBeethoven\u00bb][vc_column_text]<em>Diciembre 2017<\/em><\/p>\n<p><strong>Jugendorchester Thurgau<\/strong><br \/>\n<strong>Gabriel Estarellas Pascual<\/strong>, director<\/p>\n<p><strong>Ludwig van Beethoven<\/strong> (1770-1827)<br \/>\nSinfon\u00eda n\u00b0 7 en La Mayor op. 92<\/p>\n<p>Grabaci\u00f3n en directo del concierto realizado en la iglesia St. Johann de Schaffhausen, el 16 de septiembre del 2017.<\/p>\n<p><strong>Cr\u00edtica:<\/strong><\/p>\n<p><a href=\"https:\/\/gabrielestarellaspascual.ch\/wp-content\/uploads\/2023\/08\/Critica-CD-Beethoven-scaled.jpg\" target=\"_blank\" rel=\"noopener\"><img loading=\"lazy\" decoding=\"async\" class=\"alignnone wp-image-1448 size-medium\" src=\"https:\/\/gabrielestarellaspascual.ch\/wp-content\/uploads\/2023\/08\/Critica-CD-Beethoven-212x300.jpg\" alt=\"\" width=\"212\" height=\"300\" srcset=\"https:\/\/gabrielestarellaspascual.ch\/wp-content\/uploads\/2023\/08\/Critica-CD-Beethoven-212x300.jpg 212w, https:\/\/gabrielestarellaspascual.ch\/wp-content\/uploads\/2023\/08\/Critica-CD-Beethoven-724x1024.jpg 724w, https:\/\/gabrielestarellaspascual.ch\/wp-content\/uploads\/2023\/08\/Critica-CD-Beethoven-768x1086.jpg 768w, https:\/\/gabrielestarellaspascual.ch\/wp-content\/uploads\/2023\/08\/Critica-CD-Beethoven-1086x1536.jpg 1086w, https:\/\/gabrielestarellaspascual.ch\/wp-content\/uploads\/2023\/08\/Critica-CD-Beethoven-1448x2048.jpg 1448w, https:\/\/gabrielestarellaspascual.ch\/wp-content\/uploads\/2023\/08\/Critica-CD-Beethoven-scaled.jpg 1810w\" sizes=\"auto, (max-width: 212px) 100vw, 212px\" \/><\/a><\/p>\n<p><strong>St. Gallen Tagblatt<\/strong><\/p>\n<p>&nbsp;<\/p>\n<p><strong>L. van Beethoven<\/strong>: Sinfon\u00eda n\u00b0 7 en La Mayor op. 92, 3. movimiento<\/p>\n<audio class=\"wp-audio-shortcode\" id=\"audio-1058-1\" preload=\"none\" style=\"width: 100%;\" controls=\"controls\"><source type=\"audio\/mpeg\" src=\"https:\/\/gabrielestarellaspascual.ch\/wp-content\/uploads\/2023\/06\/15.mp3?_=1\" \/><a href=\"https:\/\/gabrielestarellaspascual.ch\/wp-content\/uploads\/2023\/06\/15.mp3\">https:\/\/gabrielestarellaspascual.ch\/wp-content\/uploads\/2023\/06\/15.mp3<\/a><\/audio>\n[\/vc_column_text][\/toggle][\/toggles][nectar_btn size=\u00bbmedium\u00bb open_new_tab=\u00bbtrue\u00bb button_style=\u00bbregular\u00bb button_color_2=\u00bbAccent-Color\u00bb icon_family=\u00bbnone\u00bb text=\u00bbHACER PEDIDO\u00bb url=\u00bbhttp:\/\/www.jotg.ch\/\u00bb][\/vc_column][vc_column column_padding=\u00bbpadding-2-percent\u00bb column_padding_tablet=\u00bbinherit\u00bb column_padding_phone=\u00bbinherit\u00bb column_padding_position=\u00bball\u00bb column_element_direction_desktop=\u00bbdefault\u00bb column_element_spacing=\u00bbdefault\u00bb desktop_text_alignment=\u00bbdefault\u00bb tablet_text_alignment=\u00bbdefault\u00bb phone_text_alignment=\u00bbdefault\u00bb background_color=\u00bb#ffffff\u00bb background_color_opacity=\u00bb1&#8243; background_hover_color_opacity=\u00bb1&#8243; column_backdrop_filter=\u00bbnone\u00bb column_shadow=\u00bbnone\u00bb column_border_radius=\u00bbnone\u00bb column_link_target=\u00bb_self\u00bb column_position=\u00bbdefault\u00bb gradient_direction=\u00bbleft_to_right\u00bb overlay_strength=\u00bb0.3&#8243; width=\u00bb1\/2&#8243; tablet_width_inherit=\u00bbdefault\u00bb animation_type=\u00bbdefault\u00bb bg_image_animation=\u00bbnone\u00bb border_type=\u00bbsimple\u00bb column_border_width=\u00bbnone\u00bb column_border_style=\u00bbsolid\u00bb column_padding_type=\u00bbdefault\u00bb gradient_type=\u00bbdefault\u00bb][image_with_animation image_url=\u00bb1445&#8243; image_size=\u00bbfull\u00bb animation_type=\u00bbentrance\u00bb animation=\u00bbNone\u00bb animation_movement_type=\u00bbtransform_y\u00bb hover_animation=\u00bbnone\u00bb alignment=\u00bb\u00bb border_radius=\u00bbnone\u00bb box_shadow=\u00bbnone\u00bb image_loading=\u00bbdefault\u00bb max_width=\u00bb100%\u00bb max_width_mobile=\u00bbdefault\u00bb][toggles style=\u00bbminimal\u00bb accordion=\u00bbtrue\u00bb accordion_starting_functionality=\u00bbclosed\u00bb][toggle color=\u00bbDefault\u00bb heading_tag=\u00bbdefault\u00bb heading_tag_functionality=\u00bbdefault\u00bb title=\u00bbGrieg &amp; Dvorak\u00bb][vc_column_text]<em>Septiembre 2016<\/em><\/p>\n<p><strong>Jugendorchester Thurgau<\/strong><br \/>\n<strong>Gabriel Estarellas Pascual<\/strong>, director<br \/>\n<strong>Arta Arnicane<\/strong>, piano<\/p>\n<p><strong>Edvard Grieg<\/strong> (1843 \u2013 1907)<br \/>\nConcierto para piano en la menor op. 16<\/p>\n<p><strong>Anton\u00edn Dvo\u0159\u00e1k<\/strong> (1841 \u2013 1904)<br \/>\nSinfon\u00eda n\u00b0 9 en mi menor \u201cEl nuevo mundo\u201d op. 95<\/p>\n<p>Grabaci\u00f3n en directo del concierto realizado en la Tonhalle St. Gallen el 10 de septiembre del 2016.<\/p>\n<p><strong><a href=\"https:\/\/www.tagblatt.ch\/kultur\/berliner-philharmoniker-von-thurgauer-orchester-begeistert-ld.1038475\" target=\"_blank\" rel=\"noopener\">\u00abLa Filarm\u00f3nica de Berl\u00edn est\u00e1 entusiasmada con la Orquesta de Turgovia\u00bb<\/a><\/strong><\/p>\n<p><em><strong>TAGBLATT<\/strong><\/em><\/p>\n<p><strong>Cr\u00edtica:<\/strong><\/p>\n<p><a href=\"https:\/\/gabrielestarellaspascual.ch\/wp-content\/uploads\/2023\/08\/Critica-CD-Grieg-Dvorak-1-scaled.jpeg\" target=\"_blank\" rel=\"noopener\"><img loading=\"lazy\" decoding=\"async\" class=\"alignnone wp-image-1456 size-medium\" src=\"https:\/\/gabrielestarellaspascual.ch\/wp-content\/uploads\/2023\/08\/Critica-CD-Grieg-Dvorak-1-300x150.jpeg\" alt=\"\" width=\"300\" height=\"150\" srcset=\"https:\/\/gabrielestarellaspascual.ch\/wp-content\/uploads\/2023\/08\/Critica-CD-Grieg-Dvorak-1-300x150.jpeg 300w, https:\/\/gabrielestarellaspascual.ch\/wp-content\/uploads\/2023\/08\/Critica-CD-Grieg-Dvorak-1-1024x512.jpeg 1024w, https:\/\/gabrielestarellaspascual.ch\/wp-content\/uploads\/2023\/08\/Critica-CD-Grieg-Dvorak-1-768x384.jpeg 768w, https:\/\/gabrielestarellaspascual.ch\/wp-content\/uploads\/2023\/08\/Critica-CD-Grieg-Dvorak-1-1536x767.jpeg 1536w, https:\/\/gabrielestarellaspascual.ch\/wp-content\/uploads\/2023\/08\/Critica-CD-Grieg-Dvorak-1-2048x1023.jpeg 2048w, https:\/\/gabrielestarellaspascual.ch\/wp-content\/uploads\/2023\/08\/Critica-CD-Grieg-Dvorak-1-1000x500.jpeg 1000w, https:\/\/gabrielestarellaspascual.ch\/wp-content\/uploads\/2023\/08\/Critica-CD-Grieg-Dvorak-1-670x335.jpeg 670w\" sizes=\"auto, (max-width: 300px) 100vw, 300px\" \/><\/a><\/p>\n<p><strong>St. Gallen Tagblatt<\/strong><\/p>\n<p>&nbsp;<\/p>\n<p><strong>A. Dvorak<\/strong>: Sinfon\u00eda n\u00b0 9 \u201cEl nuevo mundo\u201d op. 95, 4. movimiento<\/p>\n<audio class=\"wp-audio-shortcode\" id=\"audio-1058-2\" preload=\"none\" style=\"width: 100%;\" controls=\"controls\"><source type=\"audio\/mpeg\" src=\"https:\/\/gabrielestarellaspascual.ch\/wp-content\/uploads\/2023\/06\/14.mp3?_=2\" \/><a href=\"https:\/\/gabrielestarellaspascual.ch\/wp-content\/uploads\/2023\/06\/14.mp3\">https:\/\/gabrielestarellaspascual.ch\/wp-content\/uploads\/2023\/06\/14.mp3<\/a><\/audio>\n<p><strong>E. Grieg<\/strong>: Concierto para piano en la menor op. 16, 3. movimiento<\/p>\n<audio class=\"wp-audio-shortcode\" id=\"audio-1058-3\" preload=\"none\" style=\"width: 100%;\" controls=\"controls\"><source type=\"audio\/mpeg\" src=\"https:\/\/gabrielestarellaspascual.ch\/wp-content\/uploads\/2023\/06\/13.mp3?_=3\" \/><a href=\"https:\/\/gabrielestarellaspascual.ch\/wp-content\/uploads\/2023\/06\/13.mp3\">https:\/\/gabrielestarellaspascual.ch\/wp-content\/uploads\/2023\/06\/13.mp3<\/a><\/audio>\n[\/vc_column_text][\/toggle][\/toggles][nectar_btn size=\u00bbmedium\u00bb open_new_tab=\u00bbtrue\u00bb button_style=\u00bbregular\u00bb button_color_2=\u00bbAccent-Color\u00bb icon_family=\u00bbnone\u00bb text=\u00bbHACER PEDIDO\u00bb url=\u00bbhttp:\/\/www.jotg.ch\/\u00bb][\/vc_column][\/vc_row][vc_row type=\u00bbfull_width_background\u00bb full_screen_row_position=\u00bbmiddle\u00bb column_margin=\u00bbdefault\u00bb column_direction=\u00bbdefault\u00bb column_direction_tablet=\u00bbdefault\u00bb column_direction_phone=\u00bbdefault\u00bb bg_color=\u00bb#f2f2f2&#8243; scene_position=\u00bbcenter\u00bb bottom_padding=\u00bb4%\u00bb text_color=\u00bbdark\u00bb text_align=\u00bbleft\u00bb row_border_radius=\u00bbnone\u00bb row_border_radius_applies=\u00bbbg\u00bb overflow=\u00bbvisible\u00bb overlay_strength=\u00bb0.3&#8243; gradient_direction=\u00bbleft_to_right\u00bb shape_divider_position=\u00bbbottom\u00bb bg_image_animation=\u00bbnone\u00bb gradient_type=\u00bbdefault\u00bb shape_type=\u00bb\u00bb][vc_column column_padding=\u00bbpadding-2-percent\u00bb column_padding_tablet=\u00bbinherit\u00bb column_padding_phone=\u00bbinherit\u00bb column_padding_position=\u00bball\u00bb column_element_direction_desktop=\u00bbdefault\u00bb column_element_spacing=\u00bbdefault\u00bb desktop_text_alignment=\u00bbdefault\u00bb tablet_text_alignment=\u00bbdefault\u00bb phone_text_alignment=\u00bbdefault\u00bb background_color=\u00bb#ffffff\u00bb background_color_opacity=\u00bb1&#8243; background_hover_color_opacity=\u00bb1&#8243; column_backdrop_filter=\u00bbnone\u00bb column_shadow=\u00bbnone\u00bb column_border_radius=\u00bbnone\u00bb column_link_target=\u00bb_self\u00bb column_position=\u00bbdefault\u00bb gradient_direction=\u00bbleft_to_right\u00bb overlay_strength=\u00bb0.3&#8243; width=\u00bb1\/2&#8243; tablet_width_inherit=\u00bbdefault\u00bb animation_type=\u00bbdefault\u00bb bg_image_animation=\u00bbnone\u00bb border_type=\u00bbsimple\u00bb column_border_width=\u00bbnone\u00bb column_border_style=\u00bbsolid\u00bb column_padding_type=\u00bbdefault\u00bb gradient_type=\u00bbdefault\u00bb][image_with_animation image_url=\u00bb1450&#8243; image_size=\u00bbfull\u00bb animation_type=\u00bbentrance\u00bb animation=\u00bbNone\u00bb animation_movement_type=\u00bbtransform_y\u00bb hover_animation=\u00bbnone\u00bb alignment=\u00bb\u00bb border_radius=\u00bbnone\u00bb box_shadow=\u00bbnone\u00bb image_loading=\u00bbdefault\u00bb max_width=\u00bb100%\u00bb max_width_mobile=\u00bbdefault\u00bb][toggles style=\u00bbminimal\u00bb accordion=\u00bbtrue\u00bb accordion_starting_functionality=\u00bbclosed\u00bb][toggle color=\u00bbDefault\u00bb heading_tag=\u00bbdefault\u00bb heading_tag_functionality=\u00bbdefault\u00bb title=\u00bbGarc\u00eda Abril Quartett\u00bb][vc_column_text]<em>Julio 2007<\/em><\/p>\n<p><strong>Garc\u00eda Abril Quartett (Estarellas Quartett)<\/strong><br \/>\n<strong>Gabriel Estarellas Pascual<\/strong>, viol\u00edn 1<br \/>\n<strong>Melinda Stocker<\/strong>, viol\u00edn 2<br \/>\n<strong>Lea Gabriela Heinzer Estarellas<\/strong>, viola<br \/>\n<strong>Ilya Andrianov<\/strong>, violonchelo<\/p>\n<p><strong>Paula Coronas<\/strong>, piano<\/p>\n<p><strong>Ant\u00f3n Garc\u00eda Abril (1933 &#8211; 2021)<\/strong><\/p>\n<p>Cuarteto para el nuevo milenio<br \/>\nAlba de los caminos<\/p>\n<p>CD nominado en el a\u00f1o 2008 en los \u201cPREMIOS DE LA M\u00daSICA XII\u201d de Espa\u00f1a.<\/p>\n<p><strong>Cr\u00edtica:<\/strong><\/p>\n<p><a href=\"https:\/\/gabrielestarellaspascual.ch\/wp-content\/uploads\/2023\/08\/Critica-CD-Garcia-Abril-Quartett-scaled.jpg\" target=\"_blank\" rel=\"noopener\"><img loading=\"lazy\" decoding=\"async\" class=\"alignnone wp-image-1457 size-medium\" src=\"https:\/\/gabrielestarellaspascual.ch\/wp-content\/uploads\/2023\/08\/Critica-CD-Garcia-Abril-Quartett-46x300.jpg\" alt=\"\" width=\"46\" height=\"300\" srcset=\"https:\/\/gabrielestarellaspascual.ch\/wp-content\/uploads\/2023\/08\/Critica-CD-Garcia-Abril-Quartett-46x300.jpg 46w, https:\/\/gabrielestarellaspascual.ch\/wp-content\/uploads\/2023\/08\/Critica-CD-Garcia-Abril-Quartett-157x1024.jpg 157w, https:\/\/gabrielestarellaspascual.ch\/wp-content\/uploads\/2023\/08\/Critica-CD-Garcia-Abril-Quartett-236x1536.jpg 236w, https:\/\/gabrielestarellaspascual.ch\/wp-content\/uploads\/2023\/08\/Critica-CD-Garcia-Abril-Quartett-315x2048.jpg 315w, https:\/\/gabrielestarellaspascual.ch\/wp-content\/uploads\/2023\/08\/Critica-CD-Garcia-Abril-Quartett-scaled.jpg 393w\" sizes=\"auto, (max-width: 46px) 100vw, 46px\" \/><\/a><\/p>\n<p><strong>RITMO<\/strong><\/p>\n<p>&nbsp;<\/p>\n<p><strong>A. Garc\u00eda Abril<\/strong>: Cuarteto para el nuevo milenio &#8211; Libero Espiritual<\/p>\n<audio class=\"wp-audio-shortcode\" id=\"audio-1058-4\" preload=\"none\" style=\"width: 100%;\" controls=\"controls\"><source type=\"audio\/mpeg\" src=\"https:\/\/gabrielestarellaspascual.ch\/wp-content\/uploads\/2023\/06\/11.mp3?_=4\" \/><a href=\"https:\/\/gabrielestarellaspascual.ch\/wp-content\/uploads\/2023\/06\/11.mp3\">https:\/\/gabrielestarellaspascual.ch\/wp-content\/uploads\/2023\/06\/11.mp3<\/a><\/audio>\n<p><strong>A. Garc\u00eda Abril<\/strong>: Alba de los Caminos &#8211; Allegro Fluido<\/p>\n<audio class=\"wp-audio-shortcode\" id=\"audio-1058-5\" preload=\"none\" style=\"width: 100%;\" controls=\"controls\"><source type=\"audio\/mpeg\" src=\"https:\/\/gabrielestarellaspascual.ch\/wp-content\/uploads\/2023\/06\/12.mp3?_=5\" \/><a href=\"https:\/\/gabrielestarellaspascual.ch\/wp-content\/uploads\/2023\/06\/12.mp3\">https:\/\/gabrielestarellaspascual.ch\/wp-content\/uploads\/2023\/06\/12.mp3<\/a><\/audio>\n[\/vc_column_text][\/toggle][\/toggles][nectar_btn size=\u00bbmedium\u00bb open_new_tab=\u00bbtrue\u00bb button_style=\u00bbregular\u00bb button_color_2=\u00bbAccent-Color\u00bb icon_family=\u00bbnone\u00bb text=\u00bbHACER PEDIDO\u00bb url=\u00bbhttps:\/\/bolamar-ediciones-musicales.myshopify.com\/collections\/discografia\/products\/cuarteto-para-el-nuevo-milenio-alba-de-los-caminos\u00bb][\/vc_column][vc_column column_padding=\u00bbpadding-2-percent\u00bb column_padding_tablet=\u00bbinherit\u00bb column_padding_phone=\u00bbinherit\u00bb column_padding_position=\u00bball\u00bb column_element_direction_desktop=\u00bbdefault\u00bb column_element_spacing=\u00bbdefault\u00bb desktop_text_alignment=\u00bbdefault\u00bb tablet_text_alignment=\u00bbdefault\u00bb phone_text_alignment=\u00bbdefault\u00bb background_color=\u00bb#ffffff\u00bb background_color_opacity=\u00bb1&#8243; background_hover_color_opacity=\u00bb1&#8243; column_backdrop_filter=\u00bbnone\u00bb column_shadow=\u00bbnone\u00bb column_border_radius=\u00bbnone\u00bb column_link_target=\u00bb_self\u00bb column_position=\u00bbdefault\u00bb gradient_direction=\u00bbleft_to_right\u00bb overlay_strength=\u00bb0.3&#8243; width=\u00bb1\/2&#8243; tablet_width_inherit=\u00bbdefault\u00bb animation_type=\u00bbdefault\u00bb bg_image_animation=\u00bbnone\u00bb border_type=\u00bbsimple\u00bb column_border_width=\u00bbnone\u00bb column_border_style=\u00bbsolid\u00bb column_padding_type=\u00bbdefault\u00bb gradient_type=\u00bbdefault\u00bb][image_with_animation image_url=\u00bb1447&#8243; image_size=\u00bbfull\u00bb animation_type=\u00bbentrance\u00bb animation=\u00bbNone\u00bb animation_movement_type=\u00bbtransform_y\u00bb hover_animation=\u00bbnone\u00bb alignment=\u00bb\u00bb border_radius=\u00bbnone\u00bb box_shadow=\u00bbnone\u00bb image_loading=\u00bbdefault\u00bb max_width=\u00bb100%\u00bb max_width_mobile=\u00bbdefault\u00bb][toggles style=\u00bbminimal\u00bb accordion=\u00bbtrue\u00bb accordion_starting_functionality=\u00bbclosed\u00bb][toggle color=\u00bbDefault\u00bb heading_tag=\u00bbdefault\u00bb heading_tag_functionality=\u00bbdefault\u00bb title=\u00bbAkkordeontage Thurgau\u00bb][vc_column_text]<em>Septiembre 2012<\/em><\/p>\n<p><strong>Jugendorchester Oberthurgau<\/strong><br \/>\n<b>Gabriel Estarellas Pascual,<\/b>\u00a0director<br \/>\n<strong>Taylan Arikan<\/strong>, Baglama<br \/>\n<strong>Srdjan Vukasinovic<\/strong>, Acorde\u00f3n<\/p>\n<p><strong>Hubert Parry<\/strong> (1848-1918)<br \/>\nAn Englich Suite<\/p>\n<p><strong>Daniel Fueter<\/strong> (*1852)<br \/>\nBallada para orquesta de cuerda y acorde\u00f3n<\/p>\n<p><strong>Srdjan Vukasinovic<\/strong> (*1983)<br \/>\nFuga y Horo<br \/>\nMediteran<\/p>\n<p>Grabaci\u00f3n en directo del concierto realizado en el Aula de la PMS de Kreuzlingen el 16 de septiembre del 2012 durante el Festival Internacional \u201cAkkordeontage Thurgau\u201d.<\/p>\n<p><strong>Cr\u00edtica:<\/strong><\/p>\n<p><a href=\"https:\/\/gabrielestarellaspascual.ch\/wp-content\/uploads\/2023\/08\/Critica-CD-Akkordeontage-Thurgau.jpeg\" target=\"_blank\" rel=\"noopener\"><img loading=\"lazy\" decoding=\"async\" class=\"alignnone wp-image-1458 size-medium\" src=\"https:\/\/gabrielestarellaspascual.ch\/wp-content\/uploads\/2023\/08\/Critica-CD-Akkordeontage-Thurgau-300x110.jpeg\" alt=\"\" width=\"300\" height=\"110\" srcset=\"https:\/\/gabrielestarellaspascual.ch\/wp-content\/uploads\/2023\/08\/Critica-CD-Akkordeontage-Thurgau-300x110.jpeg 300w, https:\/\/gabrielestarellaspascual.ch\/wp-content\/uploads\/2023\/08\/Critica-CD-Akkordeontage-Thurgau-1024x374.jpeg 1024w, https:\/\/gabrielestarellaspascual.ch\/wp-content\/uploads\/2023\/08\/Critica-CD-Akkordeontage-Thurgau-768x281.jpeg 768w, https:\/\/gabrielestarellaspascual.ch\/wp-content\/uploads\/2023\/08\/Critica-CD-Akkordeontage-Thurgau-1536x561.jpeg 1536w, https:\/\/gabrielestarellaspascual.ch\/wp-content\/uploads\/2023\/08\/Critica-CD-Akkordeontage-Thurgau.jpeg 1916w\" sizes=\"auto, (max-width: 300px) 100vw, 300px\" \/><\/a><\/p>\n<p><strong>Thurgauer Zeitung<\/strong>[\/vc_column_text][\/toggle][\/toggles][nectar_btn size=\u00bbmedium\u00bb open_new_tab=\u00bbtrue\u00bb button_style=\u00bbregular\u00bb button_color_2=\u00bbAccent-Color\u00bb icon_family=\u00bbnone\u00bb text=\u00bbHACER PEDIDO\u00bb url=\u00bbhttp:\/\/www.akkordeontage.ch\/cd_ballade.html\u00bb][\/vc_column][\/vc_row]\n","protected":false},"excerpt":{"rendered":"<p>[vc_row type=\u00bbfull_width_background\u00bb full_screen_row_position=\u00bbmiddle\u00bb column_margin=\u00bbdefault\u00bb column_direction=\u00bbdefault\u00bb column_direction_tablet=\u00bbdefault\u00bb column_direction_phone=\u00bbdefault\u00bb bg_color=\u00bb#f2f2f2&#8243; scene_position=\u00bbcenter\u00bb top_padding=\u00bb3%\u00bb text_color=\u00bbdark\u00bb text_align=\u00bbleft\u00bb row_border_radius=\u00bbnone\u00bb row_border_radius_applies=\u00bbbg\u00bb overflow=\u00bbvisible\u00bb overlay_strength=\u00bb0.3&#8243; gradient_direction=\u00bbleft_to_right\u00bb shape_divider_position=\u00bbbottom\u00bb bg_image_animation=\u00bbnone\u00bb gradient_type=\u00bbdefault\u00bb shape_type=\u00bb\u00bb][vc_column column_padding=\u00bbno-extra-padding\u00bb column_padding_tablet=\u00bbinherit\u00bb column_padding_phone=\u00bbinherit\u00bb column_padding_position=\u00bball\u00bb column_element_direction_desktop=\u00bbdefault\u00bb column_element_spacing=\u00bbdefault\u00bb desktop_text_alignment=\u00bbdefault\u00bb tablet_text_alignment=\u00bbdefault\u00bb phone_text_alignment=\u00bbdefault\u00bb&#8230;<\/p>\n","protected":false},"author":1,"featured_media":0,"parent":0,"menu_order":0,"comment_status":"closed","ping_status":"closed","template":"","meta":{"footnotes":""},"class_list":["post-1058","page","type-page","status-publish"],"aioseo_notices":[],"_links":{"self":[{"href":"https:\/\/gabrielestarellaspascual.ch\/es\/wp-json\/wp\/v2\/pages\/1058","targetHints":{"allow":["GET"]}}],"collection":[{"href":"https:\/\/gabrielestarellaspascual.ch\/es\/wp-json\/wp\/v2\/pages"}],"about":[{"href":"https:\/\/gabrielestarellaspascual.ch\/es\/wp-json\/wp\/v2\/types\/page"}],"author":[{"embeddable":true,"href":"https:\/\/gabrielestarellaspascual.ch\/es\/wp-json\/wp\/v2\/users\/1"}],"replies":[{"embeddable":true,"href":"https:\/\/gabrielestarellaspascual.ch\/es\/wp-json\/wp\/v2\/comments?post=1058"}],"version-history":[{"count":37,"href":"https:\/\/gabrielestarellaspascual.ch\/es\/wp-json\/wp\/v2\/pages\/1058\/revisions"}],"predecessor-version":[{"id":2448,"href":"https:\/\/gabrielestarellaspascual.ch\/es\/wp-json\/wp\/v2\/pages\/1058\/revisions\/2448"}],"wp:attachment":[{"href":"https:\/\/gabrielestarellaspascual.ch\/es\/wp-json\/wp\/v2\/media?parent=1058"}],"curies":[{"name":"wp","href":"https:\/\/api.w.org\/{rel}","templated":true}]}}